{"id":5798,"date":"2023-01-23T14:56:26","date_gmt":"2023-01-23T13:56:26","guid":{"rendered":"https:\/\/malgorzatawojtyczka.pl\/?page_id=5798"},"modified":"2026-01-08T15:15:48","modified_gmt":"2026-01-08T14:15:48","slug":"fine-art","status":"publish","type":"page","link":"https:\/\/malgorzatawojtyczka.pl\/index.php\/fine-art\/","title":{"rendered":"Fine art"},"content":{"rendered":"<div  class=\"one withsmallpadding ppb_header withbg \" style=\"background-image:url(https:\/\/malgorzatawojtyczka.pl\/wp-content\/uploads\/2023\/01\/IMGP1325abc_male.jpg);background-position: center bottom;text-align:center;padding:30px 0 30px 0;color:#ffffff;\" >\n<div class=\"standard_wrapper\">\n<div class=\"page_content_wrapper\">\n<div class=\"inner\">\n<div style=\"width:100%;margin:auto;\">\n<hr class=\"title_break center\" style=\"border-color:#ffffff;\"\/>\n<div class=\"ppb_header_content\">\n<p style=\"text-align: center;\">.<\/p>\n<p style=\"text-align: center;\">.<\/p>\n<p style=\"text-align: center;\">.<\/p>\n<p style=\"text-align: center;\">.<\/p>\n<p style=\"text-align: center;\">.<\/p>\n<p style=\"text-align: center;\">.<\/p>\n<p style=\"text-align: center;\">.<\/p>\n<p style=\"text-align: center;\">.<\/p>\n<p style=\"text-align: center;\">.<\/p>\n<\/div>\n<\/div>\n<\/div>\n<\/div>\n<\/div>\n<\/div>\n<div class=\"divider one\">&nbsp;<\/div>\n<div  class=\"one withsmallpadding ppb_text\" style=\"padding:30px 0 30px 0;\" >\n<div class=\"standard_wrapper\">\n<div class=\"page_content_wrapper\">\n<div class=\"inner\">\n<div style=\"margin:auto;width:100%\">\n<h5 style=\"text-align: center;\">Fotografia Fine art<\/h5>\n<p style=\"text-align: center;\">__<\/p>\n<p style=\"text-align: center;\">plener | portret | konceptualna<\/p>\n<\/div>\n<\/div>\n<\/div>\n<\/div>\n<\/div>\n<div  class=\"one withsmallpadding ppb_text\" style=\"padding:30px;\" ><\/div>\n<div  class=\"one\">\n<div class=\"standard_wrapper\">\n<div id=\"17678817481193090547\" data-gallery-id=\"5879\" data-items=\"9\" data-columns=\"3\" data-gutter=\"30\" data-type=\"masonry\" data-layout=\"contain\" class=\"portfolio_filter_wrapper masonry infinite_grid portfolio-content content gallery three_cols contain\" data-columns=\"3\">\n<div class=\"element masonry  classic3_cols kenburns\">\n<div class=\"one_third gallery3 static filterable gallery_type animated1\"><a data-rel=\"photography_gallery_5879\" data-title=\"noc \u015bwi\u0119toja\u0144ska\" data-desc=\"\" data-thumb=\"https:\/\/malgorzatawojtyczka.pl\/wp-content\/uploads\/2022\/12\/kreatywna-sesja-zdjeciowa-plener-199x300.jpg\" href=\"https:\/\/malgorzatawojtyczka.pl\/wp-content\/uploads\/2022\/12\/kreatywna-sesja-zdjeciowa-plener.jpg\"  class=\"fancy-gallery\"><img decoding=\"async\" src=\"https:\/\/malgorzatawojtyczka.pl\/wp-content\/uploads\/2022\/12\/kreatywna-sesja-zdjeciowa-plener-705x1064.jpg\" alt=\"kreatywna sesja zdj\u0119ciowa, magiczna sesja zdj\u0119ciowa, plenerowa fotografia\" class=\"preview\"\/><\/a><\/div>\n<\/div>\n<div class=\"element masonry  classic3_cols kenburns\">\n<div class=\"one_third gallery3 static filterable gallery_type animated2\"><a data-rel=\"photography_gallery_5879\" data-title=\"ta\u0144ce przy ognisku\" data-desc=\"\" data-thumb=\"https:\/\/malgorzatawojtyczka.pl\/wp-content\/uploads\/2022\/12\/sesja-kreatywna-plenerowa-krakow-199x300.jpg\" href=\"https:\/\/malgorzatawojtyczka.pl\/wp-content\/uploads\/2022\/12\/sesja-kreatywna-plenerowa-krakow.jpg\"  class=\"fancy-gallery\"><img decoding=\"async\" src=\"https:\/\/malgorzatawojtyczka.pl\/wp-content\/uploads\/2022\/12\/sesja-kreatywna-plenerowa-krakow-705x1064.jpg\" alt=\"sesja zdj\u0119ciowa przy ognisku, plenerowa fotografia\" class=\"preview\"\/><\/a><\/div>\n<\/div>\n<div class=\"element masonry  classic3_cols kenburns\">\n<div class=\"one_third gallery3 static filterable gallery_type animated3\"><a data-rel=\"photography_gallery_5879\" data-title=\"magiczna sesja fotograficzna nad jeziorem\" data-desc=\"\" data-thumb=\"https:\/\/malgorzatawojtyczka.pl\/wp-content\/uploads\/2022\/12\/kreatwna-sesja-zjeciowa-krakow-199x300.jpg\" href=\"https:\/\/malgorzatawojtyczka.pl\/wp-content\/uploads\/2022\/12\/kreatwna-sesja-zjeciowa-krakow.jpg\"  class=\"fancy-gallery\"><img decoding=\"async\" src=\"https:\/\/malgorzatawojtyczka.pl\/wp-content\/uploads\/2022\/12\/kreatwna-sesja-zjeciowa-krakow-705x1064.jpg\" alt=\"magiczna sesja zdj\u0119ciowa w plenerze\" class=\"preview\"\/><\/a><\/div>\n<\/div>\n<div class=\"element masonry  classic3_cols kenburns\">\n<div class=\"one_third gallery3 static filterable gallery_type animated4\"><a data-rel=\"photography_gallery_5879\" data-title=\"\" data-desc=\"\" data-thumb=\"https:\/\/malgorzatawojtyczka.pl\/wp-content\/uploads\/2022\/12\/kreatywna-sesja-zdjeciowa-kobieca-300x199.jpg\" href=\"https:\/\/malgorzatawojtyczka.pl\/wp-content\/uploads\/2022\/12\/kreatywna-sesja-zdjeciowa-kobieca.jpg\"  class=\"fancy-gallery\"><img decoding=\"async\" src=\"https:\/\/malgorzatawojtyczka.pl\/wp-content\/uploads\/2022\/12\/kreatywna-sesja-zdjeciowa-kobieca-705x467.jpg\" alt=\"kobieca sesja zdj\u0119ciowa w plenerze, sesja we wrzosach\" class=\"preview\"\/><\/a><\/div>\n<\/div>\n<div class=\"element masonry  classic3_cols kenburns\">\n<div class=\"one_third gallery3 static filterable gallery_type animated5\"><a data-rel=\"photography_gallery_5879\" data-title=\"\" data-desc=\"\" data-thumb=\"https:\/\/malgorzatawojtyczka.pl\/wp-content\/uploads\/2022\/12\/fotografia-kreatywna-plener-300x199.jpg\" href=\"https:\/\/malgorzatawojtyczka.pl\/wp-content\/uploads\/2022\/12\/fotografia-kreatywna-plener.jpg\"  class=\"fancy-gallery\"><img decoding=\"async\" src=\"https:\/\/malgorzatawojtyczka.pl\/wp-content\/uploads\/2022\/12\/fotografia-kreatywna-plener-705x467.jpg\" alt=\"fotografia kreatywna, sesja plenerowa\" class=\"preview\"\/><\/a><\/div>\n<\/div>\n<div class=\"element masonry  classic3_cols kenburns\">\n<div class=\"one_third gallery3 static filterable gallery_type animated6\"><a data-rel=\"photography_gallery_5879\" data-title=\"\" data-desc=\"\" data-thumb=\"https:\/\/malgorzatawojtyczka.pl\/wp-content\/uploads\/2022\/12\/fotografia-kreatywna-sesja-plenerowa-300x199.jpg\" href=\"https:\/\/malgorzatawojtyczka.pl\/wp-content\/uploads\/2022\/12\/fotografia-kreatywna-sesja-plenerowa.jpg\"  class=\"fancy-gallery\"><img decoding=\"async\" src=\"https:\/\/malgorzatawojtyczka.pl\/wp-content\/uploads\/2022\/12\/fotografia-kreatywna-sesja-plenerowa-705x467.jpg\" alt=\"kreatywna sesja zdj\u0119ciowa w plenerze\" class=\"preview\"\/><\/a><\/div>\n<\/div>\n<\/div>\n<div class=\"infinite_loading\" id=\"17678817481193090547_loading\"><i class=\"fa fa-circle-o-notch fa-spin\"><\/i><\/div>\n<p><input type=\"hidden\" id=\"17678817481193090547_offset\" name=\"17678817481193090547_offset\" value=\"9\" \/><input type=\"hidden\" id=\"17678817481193090547_total\" name=\"17678817481193090547_total\" value=\"6\" \/><input type=\"hidden\" id=\"17678817481193090547_status\" name=\"17678817481193090547_status\" value=\"0\" \/><\/div>\n<\/div>\n<div  class=\"one withsmallpadding ppb_header \" style=\"text-align:center;padding:60px 0 60px 0;\" >\n<div class=\"standard_wrapper\">\n<div class=\"page_content_wrapper\">\n<div class=\"inner\">\n<div style=\"margin:auto;width:100%\">\n<h2 class=\"ppb_title\" style=\"\">Portret Fine Art<\/h2>\n<\/div>\n<\/div>\n<\/div>\n<\/div>\n<\/div>\n<div  class=\"one\">\n<div class=\"standard_wrapper\">\n<div id=\"1767881748458120461\" data-gallery-id=\"5905\" data-items=\"13\" data-columns=\"3\" data-gutter=\"30\" data-type=\"masonry\" data-layout=\"contain\" class=\"portfolio_filter_wrapper masonry infinite_grid portfolio-content content gallery three_cols contain\" data-columns=\"3\">\n<div class=\"element masonry  classic3_cols kenburns\">\n<div class=\"one_third gallery3 static filterable gallery_type animated1\"><a data-rel=\"photography_gallery_5905\" data-title=\"\" data-desc=\"\" data-thumb=\"https:\/\/malgorzatawojtyczka.pl\/wp-content\/uploads\/2022\/12\/portret-fine-art-kreatywny-200x300.jpg\" href=\"https:\/\/malgorzatawojtyczka.pl\/wp-content\/uploads\/2022\/12\/portret-fine-art-kreatywny.jpg\"  class=\"fancy-gallery\"><img decoding=\"async\" src=\"https:\/\/malgorzatawojtyczka.pl\/wp-content\/uploads\/2022\/12\/portret-fine-art-kreatywny-705x1058.jpg\" alt=\"portret fine art, fotografia kompozytowa\" class=\"preview\"\/><\/a><\/div>\n<\/div>\n<div class=\"element masonry  classic3_cols kenburns\">\n<div class=\"one_third gallery3 static filterable gallery_type animated2\"><a data-rel=\"photography_gallery_5905\" data-title=\"\" data-desc=\"\" data-thumb=\"https:\/\/malgorzatawojtyczka.pl\/wp-content\/uploads\/2022\/12\/portret-fine-art-fotografia-2-300x199.jpg\" href=\"https:\/\/malgorzatawojtyczka.pl\/wp-content\/uploads\/2022\/12\/portret-fine-art-fotografia-2.jpg\"  class=\"fancy-gallery\"><img decoding=\"async\" src=\"https:\/\/malgorzatawojtyczka.pl\/wp-content\/uploads\/2022\/12\/portret-fine-art-fotografia-2-705x467.jpg\" alt=\"portret fine art, sesja kobieca\" class=\"preview\"\/><\/a><\/div>\n<\/div>\n<div class=\"element masonry  classic3_cols kenburns\">\n<div class=\"one_third gallery3 static filterable gallery_type animated3\"><a data-rel=\"photography_gallery_5905\" data-title=\"\" data-desc=\"\" data-thumb=\"https:\/\/malgorzatawojtyczka.pl\/wp-content\/uploads\/2022\/12\/portret-fine-art-fotografia-kreatywna_karolina-200x300.jpg\" href=\"https:\/\/malgorzatawojtyczka.pl\/wp-content\/uploads\/2022\/12\/portret-fine-art-fotografia-kreatywna_karolina.jpg\"  class=\"fancy-gallery\"><img decoding=\"async\" src=\"https:\/\/malgorzatawojtyczka.pl\/wp-content\/uploads\/2022\/12\/portret-fine-art-fotografia-kreatywna_karolina-705x1058.jpg\" alt=\"portret fine art, fotografia kreatywna, fotografia artystyczna\" class=\"preview\"\/><\/a><\/div>\n<\/div>\n<div class=\"element masonry  classic3_cols kenburns\">\n<div class=\"one_third gallery3 static filterable gallery_type animated4\"><a data-rel=\"photography_gallery_5905\" data-title=\"\" data-desc=\"\" data-thumb=\"https:\/\/malgorzatawojtyczka.pl\/wp-content\/uploads\/2022\/12\/portret-fine-art-krakow-209x300.jpg\" href=\"https:\/\/malgorzatawojtyczka.pl\/wp-content\/uploads\/2022\/12\/portret-fine-art-krakow.jpg\"  class=\"fancy-gallery\"><img decoding=\"async\" src=\"https:\/\/malgorzatawojtyczka.pl\/wp-content\/uploads\/2022\/12\/portret-fine-art-krakow-705x1013.jpg\" alt=\"portret fine art, sesja kobieca\" class=\"preview\"\/><\/a><\/div>\n<\/div>\n<div class=\"element masonry  classic3_cols kenburns\">\n<div class=\"one_third gallery3 static filterable gallery_type animated5\"><a data-rel=\"photography_gallery_5905\" data-title=\"\" data-desc=\"\" data-thumb=\"https:\/\/malgorzatawojtyczka.pl\/wp-content\/uploads\/2022\/12\/portret-fine-art-sesja-200x300.jpg\" href=\"https:\/\/malgorzatawojtyczka.pl\/wp-content\/uploads\/2022\/12\/portret-fine-art-sesja.jpg\"  class=\"fancy-gallery\"><img decoding=\"async\" src=\"https:\/\/malgorzatawojtyczka.pl\/wp-content\/uploads\/2022\/12\/portret-fine-art-sesja-705x1058.jpg\" alt=\"sesja portretowa, fotografia kreatywna, fine art\" class=\"preview\"\/><\/a><\/div>\n<\/div>\n<div class=\"element masonry  classic3_cols kenburns\">\n<div class=\"one_third gallery3 static filterable gallery_type animated6\"><a data-rel=\"photography_gallery_5905\" data-title=\"Fotografia Fine Art\" data-desc=\"\" data-thumb=\"https:\/\/malgorzatawojtyczka.pl\/wp-content\/uploads\/2022\/12\/4cc_poprawione_male-211x300.jpg\" href=\"https:\/\/malgorzatawojtyczka.pl\/wp-content\/uploads\/2022\/12\/4cc_poprawione_male.jpg\"  class=\"fancy-gallery\"><img decoding=\"async\" src=\"https:\/\/malgorzatawojtyczka.pl\/wp-content\/uploads\/2022\/12\/4cc_poprawione_male-705x1001.jpg\" alt=\"portret fine art, sesja kobieca w Krakowie, sesja kreatywna\" class=\"preview\"\/><\/a><\/div>\n<\/div>\n<\/div>\n<div class=\"infinite_loading\" id=\"1767881748458120461_loading\"><i class=\"fa fa-circle-o-notch fa-spin\"><\/i><\/div>\n<p><input type=\"hidden\" id=\"1767881748458120461_offset\" name=\"1767881748458120461_offset\" value=\"13\" \/><input type=\"hidden\" id=\"1767881748458120461_total\" name=\"1767881748458120461_total\" value=\"6\" \/><input type=\"hidden\" id=\"1767881748458120461_status\" name=\"1767881748458120461_status\" value=\"0\" \/><\/div>\n<\/div>\n<div class=\"divider one\">&nbsp;<\/div>\n","protected":false},"excerpt":{"rendered":"","protected":false},"author":1,"featured_media":0,"parent":0,"menu_order":0,"comment_status":"closed","ping_status":"closed","template":"","meta":{"_monsterinsights_skip_tracking":false,"_monsterinsights_sitenote_active":false,"_monsterinsights_sitenote_note":"","_monsterinsights_sitenote_category":0,"footnotes":""},"aioseo_notices":[],"_links":{"self":[{"href":"https:\/\/malgorzatawojtyczka.pl\/index.php\/wp-json\/wp\/v2\/pages\/5798"}],"collection":[{"href":"https:\/\/malgorzatawojtyczka.pl\/index.php\/wp-json\/wp\/v2\/pages"}],"about":[{"href":"https:\/\/malgorzatawojtyczka.pl\/index.php\/wp-json\/wp\/v2\/types\/page"}],"author":[{"embeddable":true,"href":"https:\/\/malgorzatawojtyczka.pl\/index.php\/wp-json\/wp\/v2\/users\/1"}],"replies":[{"embeddable":true,"href":"https:\/\/malgorzatawojtyczka.pl\/index.php\/wp-json\/wp\/v2\/comments?post=5798"}],"version-history":[{"count":19,"href":"https:\/\/malgorzatawojtyczka.pl\/index.php\/wp-json\/wp\/v2\/pages\/5798\/revisions"}],"predecessor-version":[{"id":7685,"href":"https:\/\/malgorzatawojtyczka.pl\/index.php\/wp-json\/wp\/v2\/pages\/5798\/revisions\/7685"}],"wp:attachment":[{"href":"https:\/\/malgorzatawojtyczka.pl\/index.php\/wp-json\/wp\/v2\/media?parent=5798"}],"curies":[{"name":"wp","href":"https:\/\/api.w.org\/{rel}","templated":true}]}}