{"id":6106,"date":"2023-01-23T13:49:01","date_gmt":"2023-01-23T12:49:01","guid":{"rendered":"https:\/\/malgorzatawojtyczka.pl\/?page_id=6106"},"modified":"2026-01-29T12:12:00","modified_gmt":"2026-01-29T11:12:00","slug":"cennik-sesja-lifestyle","status":"publish","type":"page","link":"https:\/\/malgorzatawojtyczka.pl\/index.php\/cennik-sesja-lifestyle\/","title":{"rendered":"cennik &#8211; sesja lifestyle | portret"},"content":{"rendered":"<div  class=\"one withsmallpadding ppb_header \" style=\"text-align:center;padding:95px 0 95px 0;\" >\n<div class=\"standard_wrapper\">\n<div class=\"page_content_wrapper\">\n<div class=\"inner\">\n<div style=\"margin:auto;width:100%\">\n<div class=\"ppb_subtitle\" style=\"\">ze zwierz\u0119tami | dla przyjaci\u00f3\u0142 | rodzinna | kobieca | dla Ciebie <\/div>\n<h2 class=\"ppb_title\" style=\"\">Sesja lifestyle &amp; portret naturalny<\/h2>\n<hr class=\"title_break center\" style=\"\"\/>\n<div class=\"ppb_header_content\">\n<p>sesja odbywa si\u0119 w plenerze lub w domu klienta<\/p>\n<\/div>\n<\/div>\n<\/div>\n<\/div>\n<\/div>\n<\/div>\n<div class=\"standard_wrapper\">\n<div  class=\"one\" style=\"padding:70px 0 70px 0;\" >\n<div class=\"page_content_wrapper\">\n<div class=\"inner\">\n<div class=\"one_third\">\n<div class=\"image_classic_frame expand\">\n<div class=\"image_wrapper\"><img decoding=\"async\" src=\"https:\/\/malgorzatawojtyczka.pl\/wp-content\/uploads\/2023\/01\/DSC_2709_male.jpg\" alt=\"portret\" class=\"preview\"\/><\/div>\n<\/div>\n<\/div>\n<div class=\"one_third\">\n<div class=\"image_classic_frame expand\">\n<div class=\"image_wrapper\"><img decoding=\"async\" src=\"https:\/\/malgorzatawojtyczka.pl\/wp-content\/uploads\/2022\/12\/DSC_1913ab-male.jpg\" alt=\"sesja ze zwierzakiem\" class=\"preview\"\/><\/div>\n<\/div>\n<\/div>\n<div class=\"one_third last\">\n<div class=\"image_classic_frame expand\">\n<div class=\"image_wrapper\"><img decoding=\"async\" src=\"https:\/\/malgorzatawojtyczka.pl\/wp-content\/uploads\/2022\/12\/sesja-brzuszkowa-lifestylowa.jpg\" alt=\"sesja ci\u0105\u017cowa, sesja naturalna w domu\" class=\"preview\"\/><\/div>\n<\/div>\n<\/div>\n<\/div>\n<\/div>\n<\/div>\n<\/div>\n<div  class=\"one withsmallpadding ppb_text\" style=\"padding:30px 0 30px 0;\" >\n<div class=\"standard_wrapper\">\n<div class=\"page_content_wrapper\">\n<div class=\"inner\">\n<div style=\"margin:auto;width:100%\">\n<hr \/>\n<p>\u00a0<\/p>\n<\/div>\n<\/div>\n<\/div>\n<\/div>\n<\/div>\n<div class=\"standard_wrapper\">\n<div  class=\"one_third withsmallpadding ppb_text\" style=\"padding:55px 0 55px 0;\" >\n<div class=\"standard_wrapper\">\n<div class=\"page_content_wrapper\">\n<div class=\"inner\">\n<div style=\"margin:auto;width:100%\">\n<h3>Fotografia nie zatrzymuje czasu, ale pomaga zatrzyma\u0107 wspomnienia.<\/h3>\n<p><em>Zak\u0142adki do wspomnie\u0144 &#8211; t<\/em>ym s\u0105 dla mnie fotografie osobiste i w takim duchu pragn\u0119 je Tworzy\u0107 dla Ciebie. Pe\u0142ne emocji, swobody, wyj\u0105tkowej codzienno\u015bci, ale i chwil wa\u017cnych \u2013 tych, kt\u00f3re szczeg\u00f3lnie chcesz zapami\u0119ta\u0107. Plener i dom sprzyjaj\u0105 im znacznie bardziej, ni\u017c studio. Naturalne \u015bwiat\u0142o, delikatna obr\u00f3bka, prawdziwa\/y Ty \u2013 prywatna kapsu\u0142a czasu, kt\u00f3ra za kilka lat nie zginie w cyfrowej mas\u00f3wce.<\/p>\n<p>Sesja zdj\u0119ciowa to nie tylko pami\u0105tka, ale te\u017c czas dla Was \/ dla Ciebie.\u00a0 Niezale\u017cnie od tego jaki rodzaj sesji wybierzesz, b\u0119dzie niezapomniana. Nie tylko dzi\u0119ki zdj\u0119ciom, ale i chwilom oderwania od codzienno\u015bci. Wsp\u00f3lnie sp\u0119dzonego czasu, byciu ze sob\u0105 tu i teraz.<\/p>\n<p>\u00a0<\/p>\n<p style=\"text-align: left;\"><span style=\"color: #008080;\"><em>Sesja lifestyle to nie u\u015bmiechanie si\u0119 do obiektywu, lecz do siebie nawzajem. <\/em><\/span><\/p>\n<p style=\"text-align: center;\"><span style=\"color: #008080;\"><em>Lub po prostu&#8230; do siebie.<\/em><\/span><\/p>\n<\/div>\n<\/div>\n<\/div>\n<\/div>\n<\/div>\n<\/div>\n<div class=\"standard_wrapper\">\n<div  class=\"two_third last\" style=\"padding:55px 0 55px 0;\" >\n<div class=\"page_content_wrapper\">\n<div class=\"inner\">\n<div class=\"one_half\">\n<div class=\"image_classic_frame expand\">\n<div class=\"image_wrapper\"><img decoding=\"async\" src=\"https:\/\/malgorzatawojtyczka.pl\/wp-content\/uploads\/2025\/07\/DSC_1532abd.jpg\" alt=\"Sesja kocia\" class=\"preview\"\/><\/div>\n<\/div>\n<\/div>\n<div class=\"one_half last\">\n<div class=\"image_classic_frame expand\">\n<div class=\"image_wrapper\"><img decoding=\"async\" src=\"https:\/\/malgorzatawojtyczka.pl\/wp-content\/uploads\/2022\/12\/sesja-ciazowa-z-kawa.jpg\" alt=\"sesja ci\u0105\u017cowa z kaw\u0105, naturalna fotografia\" class=\"preview\"\/><\/div>\n<\/div>\n<p><br class=\"clear\"\/><\/p>\n<div class=\"image_classic_frame expand\">\n<div class=\"image_wrapper\"><img decoding=\"async\" src=\"https:\/\/malgorzatawojtyczka.pl\/wp-content\/uploads\/2022\/12\/sesja-ciazowa-ze-zwierzetami.jpg\" alt=\"Sesja zdj\u0119ciowa ze zwierzakami, sesja lifestylowa\" class=\"preview\"\/><\/div>\n<\/div>\n<\/div>\n<\/div>\n<\/div>\n<div><\/div>\n<\/div>\n<\/div>\n<div  class=\"one withsmallpadding ppb_text\" style=\"padding:30px 0 30px 0;\" >\n<div class=\"standard_wrapper\">\n<div class=\"page_content_wrapper\">\n<div class=\"inner\">\n<div style=\"margin:auto;width:100%\">\n<hr \/>\n<p>\u00a0<\/p>\n<\/div>\n<\/div>\n<\/div>\n<\/div>\n<\/div>\n<div class=\"standard_wrapper\">\n<div  class=\"one_third withsmallpadding ppb_text\" style=\"padding:30px 0 30px 0;\" >\n<div class=\"standard_wrapper\">\n<div class=\"page_content_wrapper\">\n<div class=\"inner\">\n<div style=\"margin:auto;width:100%\">\n<h3>Sesja z czworono\u017cnym przyjacielem<\/h3>\n<p>M\u00f3j ulubiony rodzaj sesji! J\u0119zyk cia\u0142a, gesty, spojrzenia. Ten rodzaj przyja\u017ani nie potrzebuje s\u0142\u00f3w, dlatego tak wspaniale si\u0119 j\u0105 fotografuje. Co wi\u0119cej, tu nie ma miejsca na trem\u0119 przed obiektywem, niepewno\u015bci jak zapozowa\u0107, jak si\u0119 ustawi\u0107. Wszystko dzieje si\u0119 samo. Spontanicznie, naturalnie, autentycznie. Ju\u017c Tw\u00f3j pies, kot, czy kura o to zadbaj\u0105!<\/p>\n<p>Przyja\u017a\u0144 i relacje mi\u0119dzygatunkowe to jeden z moich g\u0142\u00f3wnych temat\u00f3w fotograficznych, wi\u0119c ogromnie si\u0119 uciesz\u0119 je\u017celi b\u0119d\u0119 mog\u0142a j\u0105 dla Ciebie uwieczni\u0107.<\/p>\n<\/div>\n<\/div>\n<\/div>\n<\/div>\n<\/div>\n<\/div>\n<div class=\"standard_wrapper\">\n<div  class=\"two_third last\" style=\"padding:30px 0 30px 0;\" >\n<div class=\"page_content_wrapper\">\n<div class=\"inner\">\n<div class=\"one_half\">\n<div class=\"image_classic_frame expand\">\n<div class=\"image_wrapper\"><img decoding=\"async\" src=\"https:\/\/malgorzatawojtyczka.pl\/wp-content\/uploads\/2022\/12\/sesja-lifestylowa-portretowa-domowa-pies.jpg\" alt=\"lifestylowa sesja zdj\u0119ciowa w naturalnym stylu z psem\" class=\"preview\"\/><\/div>\n<\/div>\n<\/div>\n<div class=\"one_half last\">\n<div class=\"image_classic_frame expand\">\n<div class=\"image_wrapper\"><img decoding=\"async\" src=\"https:\/\/malgorzatawojtyczka.pl\/wp-content\/uploads\/2022\/12\/DSC_1650ab-male-1.jpg\" alt=\"\" class=\"preview\"\/><\/div>\n<\/div>\n<p><br class=\"clear\"\/><\/p>\n<div class=\"image_classic_frame expand\">\n<div class=\"image_wrapper\"><img decoding=\"async\" src=\"https:\/\/malgorzatawojtyczka.pl\/wp-content\/uploads\/2023\/01\/DSC_2794_male.jpg\" alt=\"sesja wizerunkowa w Krakowie - Szyszkodar\" class=\"preview\"\/><\/div>\n<\/div>\n<\/div>\n<\/div>\n<\/div>\n<div><\/div>\n<\/div>\n<\/div>\n<div  class=\"one withsmallpadding ppb_text\" style=\"padding:50px 0 50px 0;\" >\n<div class=\"standard_wrapper\">\n<div class=\"page_content_wrapper\">\n<div class=\"inner\">\n<div style=\"margin:auto;width:100%\">\n<hr \/>\n<p>\u00a0<\/p>\n<\/div>\n<\/div>\n<\/div>\n<\/div>\n<\/div>\n<div class=\"standard_wrapper\">\n<div  class=\"one_third\" style=\"padding:30px 0 30px 0;\" >\n<div class=\"page_content_wrapper\">\n<div class=\"inner\">\n<div class=\"image_classic_frame expand\">\n<div class=\"image_wrapper\"><img decoding=\"async\" src=\"https:\/\/malgorzatawojtyczka.pl\/wp-content\/uploads\/2022\/12\/DSC_8012b_male.jpg\" alt=\"\" class=\"preview\"\/><\/div>\n<\/div>\n<\/div>\n<\/div>\n<\/div>\n<\/div>\n<div class=\"standard_wrapper\">\n<div  class=\"two_third last withsmallpadding ppb_text\" style=\"padding:30px 0 30px 0;\" >\n<div class=\"standard_wrapper\">\n<div class=\"page_content_wrapper\">\n<div class=\"inner\">\n<div style=\"margin:auto;width:100%\">\n<h3>Sesja &#8222;Ukorzenienie&#8221;<\/h3>\n<p>Mawia si\u0119, \u017ce opowie\u015bci to \u017cywe istoty, kt\u00f3re rosn\u0105, rozwijaj\u0105 si\u0119 i zmieniaj\u0105. Ich esencja pozostaje niezmienna, jedynie forma ulega przeobra\u017ceniom w zale\u017cno\u015bci od miejsca i czasu jej opowiadania. Ka\u017cda z nas nosi w sobie opowie\u015b\u0107, a ka\u017cda zmarszczka, czy blizna s\u0105 jej integralnym wersetem. Pami\u0119tasz jaka jest Twoja, a mo\u017ce chcia\u0142aby\u015b j\u0105 sobie przypomnie\u0107?<\/p>\n<p>Znam pewne wcale nie sekretne miejsca, w kt\u00f3rym opowie\u015bci nawet przykurzone i zapomniane, wr\u0119cz wyrywaj\u0105 si\u0119 na wolno\u015b\u0107. To lasy, polany, dzikie \u0142\u0105ki. Wiesz dlaczego tak si\u0119 dzieje? Poniewa\u017c wi\u0119\u017a z przyrod\u0105 jest w nas g\u0142\u0119boko zakorzeniona, a pozwolenie sobie na ch\u0142oni\u0119cie jej ka\u017cdym zmys\u0142em, wp\u0142ywa na nas uzdrawiaj\u0105co, zar\u00f3wno fizycznie, jak i psychicznie.<\/p>\n<p>Kobieta w Naturze jest przeciwie\u0144stwem kobiety w kulturze. Kobiety, kt\u00f3rej rola od czas\u00f3w epoki br\u0105zu by\u0142a coraz mocniej marginalizowana i przekszta\u0142cana pod dyktando rozwijaj\u0105cej si\u0119 kultury patriarchatu. Dzisiejsza kobieta w kulturze wci\u0105\u017c musi mierzy\u0107 si\u0119 ze stereotypami i rolami, kt\u00f3re cho\u0107 zmieni\u0142y si\u0119 od tamtych czas\u00f3w, nadal nie daj\u0105 jej pe\u0142nej wolno\u015bci bycia sob\u0105. Dopiero powr\u00f3t ku naturze, nawet symboliczny, pozwala uda\u0107 si\u0119 na poszukiwanie swojej pierwotnej opowie\u015bci.<\/p>\n<p>&#8222;Ukorzenienie&#8221; \u0142\u0105czy w sobie sesj\u0119 fotograficzn\u0105 z sesj\u0105 k\u0105pieli w naturze. Mo\u017cesz wybra\u0107 si\u0119 na ni\u0105 sama, z mam\u0105, siostr\u0105 lub przyjaci\u00f3\u0142k\u0105. Wybierzemy si\u0119 na spacer do lasu, na \u0142\u0105k\u0119 lub do Twojego ulubionego parku. Bez po\u015bpiechu, bez presji idealnej fryzury.<\/p>\n<p>Mo\u017cesz za\u0142o\u017cy\u0107 zwiewn\u0105 sukienk\u0105, prost\u0105 tunik\u0119, albo jeansy. Ty decydujesz kim tego dnia jeste\u015b i kt\u00f3rej wersji siebie masz ochot\u0119 po\u015bwi\u0119ci\u0107 ten czas.<\/p>\n<p style=\"text-align: center;\"><span style=\"color: #008080;\"><em>Pami\u0119taj, \u017ce najlepszy portret przedstawia indywidualno\u015b\u0107, nie idea\u0142.<\/em><\/span><\/p>\n<\/div>\n<\/div>\n<\/div>\n<\/div>\n<\/div>\n<\/div>\n<div  class=\"one withsmallpadding ppb_text\" style=\"padding:30px 0 30px 0;\" >\n<div class=\"standard_wrapper\">\n<div class=\"page_content_wrapper\">\n<div class=\"inner\">\n<div style=\"margin:auto;width:100%\">\n<hr \/>\n<p>\u00a0<\/p>\n<\/div>\n<\/div>\n<\/div>\n<\/div>\n<\/div>\n<div  class=\" standard_wrapper ppb_popup one withbg \" style=\"background-image:url(https:\/\/malgorzatawojtyczka.pl\/wp-content\/uploads\/2023\/02\/DSC_3288_male.jpg);background-position: center center;padding:60px 0 60px 0;\" >\n<div class=\"page_content_wrapper\">\n<div class=\"inner\">\n<div class=\"overlay_gallery_wrapper\" style=\"text-align:center;background:;\">\n<div class=\"overlay_gallery_border\" style=\"\">\n<div class=\"overlay_gallery_content\">\n<h2 class=\"ppb_title\" style=\"\">Dodatkowe informacje<\/h2>\n<hr class=\"title_break center\" style=\"\"\/>\n<div class=\"ppb_header_content\">\n<p>W cenie dojazd na terenie Krakowa i msc. o\u015bciennych (do 15 km)<\/p>\n<p>Wynajem studio &#8211; ok. 200 z\u0142 \/ h (opcjonalnie)<\/p>\n<p>Aby zarezerwowa\u0107 termin sesji nale\u017cy wp\u0142aci\u0107 zadatek &#8211; 160 z\u0142<\/p>\n<p><a class=\"button\" href=\"https:\/\/malgorzatawojtyczka.pl\/index.php\/regulamin-sesji\/\">Regulamin sesji<\/a><\/p>\n<p><a class=\"button\" href=\"https:\/\/malgorzatawojtyczka.pl\/index.php\/kontakt\/\">Zarezerwuj sesj\u0119<\/a><\/p>\n<\/div>\n<\/div>\n<\/div>\n<\/div>\n<\/div>\n<\/div>\n<\/div>\n<div  class=\"one withsmallpadding ppb_text\" style=\"padding:65px 0 65px 0;\" >\n<div class=\"standard_wrapper\">\n<div class=\"page_content_wrapper\">\n<div class=\"inner\">\n<div style=\"margin:auto;width:100%\">\n<h2>Co obejmuje sesja?<\/h2>\n<p><strong>Konsultacj\u0119 telefoniczn\u0105<\/strong>, podczas kt\u00f3rej om\u00f3wimy pomys\u0142 na sesj\u0119 i ustalimy szczeg\u00f3\u0142y. Doradz\u0119 Ci jak si\u0119 ubra\u0107 i przygotowa\u0107.<\/p>\n<p>Nie masz do\u015bwiadczenia w pozowaniu? Nie musisz si\u0119 o to martwi\u0107. Zadbam, aby sesja by\u0142a dla Ciebie \/ Was przyjemnym, relaksuj\u0105cym do\u015bwiadczeniem oraz dobr\u0105 zabaw\u0105. Podpowiem jak si\u0119 ustawi\u0107 i co zrobi\u0107 z \u017cyj\u0105cymi w\u0142asnym \u017cyciem, r\u0119koma.<\/p>\n<p>Po sesji przeprowadzam wst\u0119pn\u0105 selekcj\u0119 zdj\u0119\u0107 i wysy\u0142am Ci <strong>link do prywatnej galerii<\/strong> z najlepszymi uj\u0119ciami, z po\u015br\u00f3d kt\u00f3rych Ty wybierasz swoje ulubione. <strong>Wybrane przez Ciebie zdj\u0119cia finalnie obrabiam<\/strong> (delikatny, naturalny retusz). <strong>Gotowe<\/strong> <strong>zdj\u0119cia w formacie cyfrowym przesy\u0142am na Tw\u00f3j adres email<\/strong> (do 14 dni roboczych od dnia wyboru zdj\u0119\u0107).<\/p>\n<p><strong>Wywo\u0142ane odbitki<\/strong>, zapakowane w dekoracyjn\u0105 kopert\u0119 z tektury (pakiet wrotycz i mak polny) lub <a href=\"https:\/\/malgorzatawojtyczka.pl\/index.php\/pudelka-na-zdjecia-zestawy\/\">pude\u0142ko na zdj\u0119cia z opcj\u0105 personalizacji<\/a> koloru, tkaniny obicia i graweru (pakiet dzika r\u00f3\u017ca &#8211; w cenie grawer ze wzornika) wysy\u0142am paczkomatem (+15 z\u0142) lub kurierem (+20 z\u0142).\u00a0 Mo\u017cesz te\u017c odebra\u0107 je osobi\u015bcie (Ma\u0142y P\u0142asz\u00f3w w Krakowie)<\/p>\n<p>Ka\u017cdy z pakiet\u00f3w mo\u017cesz r\u00f3wnie\u017c sprezentowa\u0107 bliskiej osobie w formie <strong><a href=\"https:\/\/malgorzatawojtyczka.pl\/index.php\/voucher\/\">voucheru na sesj\u0119<\/a> <\/strong>lub zestawu <a href=\"https:\/\/malgorzatawojtyczka.pl\/index.php\/pudelka-na-zdjecia-zestawy\/\"><strong>voucher<\/strong> <strong>+ pude\u0142ko na zdj\u0119cia<\/strong><\/a><strong>.<\/strong><\/p>\n<\/div>\n<\/div>\n<\/div>\n<\/div>\n<\/div>\n<div class=\"standard_wrapper\">\n<div  class=\"one\" style=\"padding:30px 0 30px 0;\" >\n<div class=\"page_content_wrapper\">\n<div class=\"inner\">\n<div class=\"one_third\">\n<div class=\"image_classic_frame expand\">\n<div class=\"image_wrapper\"><img decoding=\"async\" src=\"https:\/\/malgorzatawojtyczka.pl\/wp-content\/uploads\/2023\/03\/DSC_4484b.jpg\" alt=\"Welurowe pude\u0142ko na zdj\u0119cia z grawerem 13x18cm\" class=\"preview\"\/><\/div>\n<\/div>\n<\/div>\n<div class=\"one_third\">\n<div class=\"image_classic_frame expand\">\n<div class=\"image_wrapper\"><img decoding=\"async\" src=\"https:\/\/malgorzatawojtyczka.pl\/wp-content\/uploads\/2023\/03\/DSC_4447b.jpg\" alt=\"welurowe pude\u0142ko na zdj\u0119cia z grawerem\" class=\"preview\"\/><\/div>\n<\/div>\n<\/div>\n<div class=\"one_third last\">\n<div class=\"image_classic_frame expand\">\n<div class=\"image_wrapper\"><img decoding=\"async\" src=\"https:\/\/malgorzatawojtyczka.pl\/wp-content\/uploads\/2023\/03\/DSC_4453a.jpg\" alt=\"P\u0142\u00f3cienne pude\u0142ko na zdj\u0119cia z grawerem, personalizowane pude\u0142ko na zdj\u0119cia\" class=\"preview\"\/><\/div>\n<\/div>\n<\/div>\n<\/div>\n<\/div>\n<\/div>\n<\/div>\n<div  class=\"one withsmallpadding ppb_text\" style=\"padding:30px 0 30px 0;\" >\n<div class=\"standard_wrapper\">\n<div class=\"page_content_wrapper\">\n<div class=\"inner\">\n<div style=\"margin:auto;width:100%\">\n<hr \/>\n<p>\u00a0<\/p>\n<\/div>\n<\/div>\n<\/div>\n<\/div>\n<\/div>\n<div class=\"divider one\">&nbsp;<\/div>\n<div class=\"standard_wrapper\">\n<div  class=\"one_third withsmallpadding ppb_text\" style=\"padding:0px 0 0px 0;\" >\n<div class=\"standard_wrapper\">\n<div class=\"page_content_wrapper\">\n<div class=\"inner\">\n<div style=\"margin:auto;width:100%\">\n<h6 style=\"text-align: center;\">Pakiet &#8222;Wrotycz&#8221;<\/h6>\n<\/div>\n<\/div>\n<\/div>\n<\/div>\n<\/div>\n<\/div>\n<div class=\"standard_wrapper\">\n<div  class=\"one_third withsmallpadding ppb_text\" style=\"padding:0px 0 0px 0;\" >\n<div class=\"standard_wrapper\">\n<div class=\"page_content_wrapper\">\n<div class=\"inner\">\n<div style=\"margin:auto;width:100%\">\n<h6 style=\"text-align: center;\">Pakiet &#8222;Mak polny&#8221;<\/h6>\n<\/div>\n<\/div>\n<\/div>\n<\/div>\n<\/div>\n<\/div>\n<div class=\"standard_wrapper\">\n<div  class=\"one_third last withsmallpadding ppb_text\" style=\"padding:0px 0 0px 0;\" >\n<div class=\"standard_wrapper\">\n<div class=\"page_content_wrapper\">\n<div class=\"inner\">\n<div style=\"margin:auto;width:100%\">\n<h6 style=\"text-align: center;\">Pakiet &#8222;Dzika r\u00f3\u017ca&#8221;<\/h6>\n<\/div>\n<\/div>\n<\/div>\n<\/div>\n<\/div>\n<\/div>\n<div  class=\"one ppb_pricing\" style=\"padding:0px 0 0px 0;\" >\n<div class=\"standard_wrapper\">\n<div class=\"page_content_wrapper\">\n<div class=\"inner\">\n<div class=\"pricing_content_wrapper light\">\n<div class=\"pricing one_third  \">\n<div class=\"pricing_wrapper_border\">\n<ul class=\"pricing_wrapper\">\n<li class=\"title_row \" style=\"color:;\">PAKIET I &#8211; 15 zdj\u0119\u0107<\/li>\n<li class=\"price_row\"><strong>z\u0142<\/strong><em class=\"exact_price\" style=\"color:;\">600<\/em><em class=\"time\"><\/em><\/li>\n<li>konsultacja przed sesj\u0105\n<\/li>\n<li>15 zdj\u0119\u0107 w wersji cyfrowej\n<\/li>\n<li>15 wywo\u0142anych zdj\u0119\u0107 w formacie 13&#215;18 cm\n<\/li>\n<li>ozdobna, tekturowa koperta\n<\/li>\n<li>profesjonalna, autorska obr\u00f3bka\n<\/li>\n<li>dwa formaty zdj\u0119\u0107 (w pe\u0142nej rozdzielczo\u015bci oraz do publikacji w internecie)\n<\/li>\n<li>czas trwania sesji &#8211; ok. 1-2 h\n<\/li>\n<li>dodatkowe zdj\u0119cie z sesji &#8211; 40 z\u0142\/szt.<\/li>\n<li class=\"button_row \"><a href=\"https:\/\/malgorzatawojtyczka.pl\/index.php\/kontakt\/\" class=\"button\"  style=\"background:;border-color:;color:#fff;\">zam\u00f3w sesj\u0119<\/a><\/li>\n<\/ul>\n<\/div>\n<\/div>\n<div class=\"pricing one_third  \">\n<div class=\"pricing_wrapper_border\">\n<ul class=\"pricing_wrapper\">\n<li class=\"title_row \" style=\"color:;\">PAKIET II &#8211; 25 zdj\u0119\u0107<\/li>\n<li class=\"price_row\"><strong>z\u0142<\/strong><em class=\"exact_price\" style=\"color:;\">850<\/em><em class=\"time\"><\/em><\/li>\n<li>konsultacja przed sesj\u0105\n<\/li>\n<li>25 zdj\u0119\u0107 w wersji cyfrowej\n<\/li>\n<li>25 wywo\u0142anych zdj\u0119\u0107 w formacie 13&#215;18 cm\n<\/li>\n<li>ozdobna, tekturowa koperta\n<\/li>\n<li>profesjonalna, autorska obr\u00f3bka\n<\/li>\n<li>dwa formaty zdj\u0119\u0107 (w pe\u0142nej rozdzielczo\u015bci oraz do publikacji w internecie)\n<\/li>\n<li>czas trwania sesji &#8211; ok. 1-2 h\n<\/li>\n<li>dodatkowe zdj\u0119cie z sesji &#8211; 35 z\u0142\/szt.<\/li>\n<li class=\"button_row \"><a href=\"https:\/\/malgorzatawojtyczka.pl\/index.php\/kontakt\/\" class=\"button\"  style=\"background:;border-color:;color:#fff;\">Zam\u00f3w sesj\u0119<\/a><\/li>\n<\/ul>\n<\/div>\n<\/div>\n<div class=\"pricing one_third  last\">\n<div class=\"pricing_wrapper_border\">\n<ul class=\"pricing_wrapper\">\n<li class=\"title_row \" style=\"color:;\">PAKIET III &#8211; 50 zdj\u0119\u0107<\/li>\n<li class=\"price_row\"><strong>z\u0142<\/strong><em class=\"exact_price\" style=\"color:;\">1500<\/em><em class=\"time\"><\/em><\/li>\n<li>konsultacja przed sesj\u0105\n<\/li>\n<li>50 zdj\u0119\u0107 w wersji cyfrowej\n<\/li>\n<li>50 wywo\u0142anych zdj\u0119\u0107 w formacie 13&#215;18 cm\n<\/li>\n<li>personalizowane pude\u0142ko na zdj\u0119cia\n<\/li>\n<li>profesjonalna, autorska obr\u00f3bka\n<\/li>\n<li>dwa formaty zdj\u0119\u0107 (w pe\u0142nej rozdzielczo\u015bci oraz do publikacji w internecie)\n<\/li>\n<li>czas trwania sesji &#8211; ok. 2-3 h\n<\/li>\n<li>dodatkowe zdj\u0119cie z sesji &#8211; 35 z\u0142\/szt.<\/li>\n<li class=\"button_row \"><a href=\"https:\/\/malgorzatawojtyczka.pl\/index.php\/kontakt\/\" class=\"button\"  style=\"background:;border-color:;color:#fff;\">zam\u00f3w sesj\u0119<\/a><\/li>\n<\/ul>\n<\/div>\n<\/div>\n<\/div>\n<\/div>\n<\/div>\n<\/div>\n<\/div>\n<div  class=\"one withsmallpadding ppb_text\" style=\"padding:65px 0 65px 0;\" >\n<div class=\"standard_wrapper\">\n<div class=\"page_content_wrapper\">\n<div class=\"inner\">\n<div style=\"margin:auto;width:100%\">\n<p style=\"text-align: center;\">Je\u017celi interesuje Ci\u0119 inny rodzaj sesji lub masz jakie\u015b pytania &#8211; <strong><a href=\"https:\/\/malgorzatawojtyczka.pl\/index.php\/kontakt\/\">napisz do mnie!<\/a><\/strong><\/p>\n<\/div>\n<\/div>\n<\/div>\n<\/div>\n<\/div>\n<div  class=\"one withsmallpadding ppb_header withbg \" style=\"background-image:url(https:\/\/malgorzatawojtyczka.pl\/wp-content\/uploads\/2023\/02\/DSC_3899_male_kadr.jpg);background-position: center center;text-align:center;padding:65px 0 65px 0;\" >\n<div class=\"standard_wrapper\">\n<div class=\"page_content_wrapper\">\n<div class=\"inner\">\n<div style=\"width:100%;margin:auto;\">\n<h2 class=\"ppb_title\" style=\"\">.<\/h2>\n<hr class=\"title_break center\" style=\"\"\/>\n<div class=\"ppb_header_content\">\n<p><a class=\"button\" href=\"https:\/\/malgorzatawojtyczka.pl\/index.php\/voucher\/\">Voucher<\/a><br \/>\n.<\/p>\n<p>.<\/p>\n<p>.<\/p>\n<p>.<\/p>\n<p>.<\/p>\n<\/div>\n<\/div>\n<\/div>\n<\/div>\n<\/div>\n<\/div>\n<div  class=\"one withsmallpadding ppb_text\" style=\"padding:30px 0 30px 0;\" >\n<div class=\"standard_wrapper\">\n<div class=\"page_content_wrapper\">\n<div class=\"inner\">\n<div style=\"margin:auto;width:100%\">\n<hr \/>\n<p>\u00a0<\/p>\n<\/div>\n<\/div>\n<\/div>\n<\/div>\n<\/div>\n<div class=\"divider one\">&nbsp;<\/div>\n","protected":false},"excerpt":{"rendered":"","protected":false},"author":1,"featured_media":0,"parent":0,"menu_order":0,"comment_status":"closed","ping_status":"closed","template":"","meta":{"_monsterinsights_skip_tracking":false,"_monsterinsights_sitenote_active":false,"_monsterinsights_sitenote_note":"","_monsterinsights_sitenote_category":0,"footnotes":""},"aioseo_notices":[],"_links":{"self":[{"href":"https:\/\/malgorzatawojtyczka.pl\/index.php\/wp-json\/wp\/v2\/pages\/6106"}],"collection":[{"href":"https:\/\/malgorzatawojtyczka.pl\/index.php\/wp-json\/wp\/v2\/pages"}],"about":[{"href":"https:\/\/malgorzatawojtyczka.pl\/index.php\/wp-json\/wp\/v2\/types\/page"}],"author":[{"embeddable":true,"href":"https:\/\/malgorzatawojtyczka.pl\/index.php\/wp-json\/wp\/v2\/users\/1"}],"replies":[{"embeddable":true,"href":"https:\/\/malgorzatawojtyczka.pl\/index.php\/wp-json\/wp\/v2\/comments?post=6106"}],"version-history":[{"count":52,"href":"https:\/\/malgorzatawojtyczka.pl\/index.php\/wp-json\/wp\/v2\/pages\/6106\/revisions"}],"predecessor-version":[{"id":7722,"href":"https:\/\/malgorzatawojtyczka.pl\/index.php\/wp-json\/wp\/v2\/pages\/6106\/revisions\/7722"}],"wp:attachment":[{"href":"https:\/\/malgorzatawojtyczka.pl\/index.php\/wp-json\/wp\/v2\/media?parent=6106"}],"curies":[{"name":"wp","href":"https:\/\/api.w.org\/{rel}","templated":true}]}}