{"id":7275,"date":"2023-11-16T12:10:47","date_gmt":"2023-11-16T11:10:47","guid":{"rendered":"https:\/\/malgorzatawojtyczka.pl\/?page_id=7275"},"modified":"2026-01-07T15:56:01","modified_gmt":"2026-01-07T14:56:01","slug":"pudelka-na-zdjecia-zestawy","status":"publish","type":"page","link":"https:\/\/malgorzatawojtyczka.pl\/index.php\/pudelka-na-zdjecia-zestawy\/","title":{"rendered":"Pude\u0142ka na zdj\u0119cia \/ zestawy"},"content":{"rendered":"<div  class=\"one withsmallpadding ppb_content_half_bg withbg \" style=\"background-image:url(https:\/\/malgorzatawojtyczka.pl\/wp-content\/uploads\/2023\/03\/DSC_4451b.jpg);background-position: center top;padding:30px 0 30px 0;\" >\n<div class=\"standard_wrapper\">\n<div class=\"page_content_wrapper\">\n<div class=\"inner\">\n<div class=\"one_half_bg\" style=\"background:#ffffff;background:rgb(255,255,255,1);background:rgba(255,255,255,1);\">\n<h2 class=\"ppb_title\" style=\"\">Pi\u0119kne wspomnienia zas\u0142uguj\u0105 na wyj\u0105tkow\u0105 opraw\u0119<\/h2>\n<hr class=\"title_break left\" style=\"\"\/>\n<p>Tak\u0105, kt\u00f3ra nie pozwoli im si\u0119 zgubi\u0107, czy zniszczy\u0107, a przy tym sama w sobie b\u0119dzie cieszy\u0107 oko i nie rozpadnie si\u0119 przy intensywnym u\u017cytkowaniu.<\/p>\n<p>Pude\u0142ka, kt\u00f3re Wam prezentuj\u0119 s\u0105 sk\u0142adane r\u0119cznie, specjalnie pod Wasze zam\u00f3wienie przez drukarni\u0119 KrukBook wsp\u00f3\u0142pracuj\u0105c\u0105 wy\u0142\u0105cznie z fotografami. Dzi\u0119ki temu cechuje je wysoka jako\u015b\u0107 wyko\u0144czenia i mo\u017cliwo\u015b\u0107 nadania im unikatowego charakteru. Ka\u017cde pude\u0142ko jest skrupulatnie dopracowane i przed wys\u0142aniem do Was przechodzi podw\u00f3jn\u0105 kontrol\u0119 jako\u015bci.<\/p>\n<\/div>\n<\/div>\n<\/div>\n<\/div>\n<\/div>\n<div class=\"standard_wrapper\">\n<div  class=\"one_half withsmallpadding ppb_text\" style=\"padding:30px 0 30px 0;\" >\n<div class=\"standard_wrapper\">\n<div class=\"page_content_wrapper\">\n<div class=\"inner\">\n<div style=\"margin:auto;width:100%\">\n<h3>Jako\u015b\u0107<\/h3>\n<p>Dlaczego jest dla mnie wa\u017cna? Nie ma chyba ksi\u0105\u017cki tak cz\u0119sto kartkowanej, jak kapsu\u0142a czasu z bliskimi sercu wspomnieniami. Przechodz\u0105ce z r\u0105k do r\u0105k. Czasami du\u017cych i ostro\u017cnych, a czasami ma\u0142ych i bardzo entuzjastycznych. Przegl\u0105dany przy r\u00f3\u017cnych okazjach i bez okazji. Pokazywanych rodzinie i przyjacio\u0142om, przekazywanych nast\u0119pnym pokoleniom. To pami\u0105tka ponadczasowa, bezcenna i wyj\u0105tkowa, wi\u0119c jej trwa\u0142o\u015b\u0107 ma znaczenie.<\/p>\n<p>Pomy\u015bl o fotografiach jako o dziedzictwie pami\u0119ci, kt\u00f3re kiedy\u015b przeka\u017cesz dalej. Niech b\u0119d\u0105 przechowywane bezpiecznie jak najd\u0142u\u017cej.<\/p>\n<p>Bezpieczne, pi\u0119kne i bardzo Twoje.<\/p>\n<\/div>\n<\/div>\n<\/div>\n<\/div>\n<\/div>\n<\/div>\n<div class=\"standard_wrapper\">\n<div  class=\"one_half last withsmallpadding ppb_text\" style=\"padding:30px 0 30px 0;\" >\n<div class=\"standard_wrapper\">\n<div class=\"page_content_wrapper\">\n<div class=\"inner\">\n<div style=\"margin:auto;width:100%\">\n<h3>Personalizacja<\/h3>\n<p>Pude\u0142ka maj\u0105 mo\u017cliwo\u015b\u0107 personalizacji. Do wyboru s\u0105 r\u00f3\u017cne materia\u0142y i kolory, a wieczko\/ok\u0142adka mo\u017ce zdobi\u0107 specjalnie zaprojektowany dla Ciebie grawer. Mo\u017ce Tw\u00f3j gwiazdozbi\u00f3r, ulubiony kwiat, wa\u017cny cytat? Mo\u017cesz te\u017c wybra\u0107 co\u015b z gotowych wzor\u00f3w przygotowanych przeze mnie.<\/p>\n<h3>Zamawianie<\/h3>\n<p>Zam\u00f3wienia przyjmuj\u0119 mailowo. Napisz do mnie\u00a0jaki produkt \/ zestaw Ci\u0119 interesuje. Ustalimy szczeg\u00f3\u0142y zam\u00f3wienia i wysy\u0142k\u0119.<\/p>\n<p style=\"text-align: center;\"><a class=\"button\" href=\"https:\/\/malgorzatawojtyczka.pl\/index.php\/kontakt\/\">kontakt<\/a><\/p>\n<\/div>\n<\/div>\n<\/div>\n<\/div>\n<\/div>\n<\/div>\n<div class=\"standard_wrapper\">\n<div  class=\"one\" style=\"padding:50px 0 50px 0;\" >\n<div class=\"page_content_wrapper\">\n<div class=\"inner\">\n<div class=\"one_third\">\n<div class=\"image_classic_frame expand\">\n<div class=\"image_wrapper\"><a href=\"https:\/\/malgorzatawojtyczka.pl\/wp-content\/uploads\/2023\/03\/DSC_4451b.jpg\" data-title=\"\" data-desc=\"\" data-thumb=\"https:\/\/malgorzatawojtyczka.pl\/wp-content\/uploads\/2023\/03\/DSC_4451b-300x200.jpg\"  class=\"img_frame\"><img decoding=\"async\" src=\"https:\/\/malgorzatawojtyczka.pl\/wp-content\/uploads\/2023\/03\/DSC_4451b.jpg\" alt=\"Welurowe pude\u0142ko na zdj\u0119cia z grawerem ptasiego gniazda\" class=\"preview\"\/><\/a><\/div>\n<\/div>\n<\/div>\n<div class=\"one_third\">\n<div class=\"image_classic_frame expand\">\n<div class=\"image_wrapper\"><a href=\"https:\/\/malgorzatawojtyczka.pl\/wp-content\/uploads\/2023\/03\/DSC_4447b.jpg\" data-title=\"\" data-desc=\"\" data-thumb=\"https:\/\/malgorzatawojtyczka.pl\/wp-content\/uploads\/2023\/03\/DSC_4447b-300x200.jpg\"  class=\"img_frame\"><img decoding=\"async\" src=\"https:\/\/malgorzatawojtyczka.pl\/wp-content\/uploads\/2023\/03\/DSC_4447b.jpg\" alt=\"welurowe pude\u0142ko na zdj\u0119cia z grawerem\" class=\"preview\"\/><\/a><\/div>\n<\/div>\n<\/div>\n<div class=\"one_third last\">\n<div class=\"image_classic_frame expand\">\n<div class=\"image_wrapper\"><a href=\"https:\/\/malgorzatawojtyczka.pl\/wp-content\/uploads\/2023\/03\/DSC_4453a.jpg\" data-title=\"\" data-desc=\"\" data-thumb=\"https:\/\/malgorzatawojtyczka.pl\/wp-content\/uploads\/2023\/03\/DSC_4453a-300x200.jpg\"  class=\"img_frame\"><img decoding=\"async\" src=\"https:\/\/malgorzatawojtyczka.pl\/wp-content\/uploads\/2023\/03\/DSC_4453a.jpg\" alt=\"P\u0142\u00f3cienne pude\u0142ko na zdj\u0119cia z grawerem, personalizowane pude\u0142ko na zdj\u0119cia\" class=\"preview\"\/><\/a><\/div>\n<\/div>\n<\/div>\n<\/div>\n<\/div>\n<\/div>\n<\/div>\n<div  class=\"one\" >\n<div class=\"page_content_wrapper nopadding\">\n<div class=\"one_half_bg textright\" style=\"padding:30px;\">\n<h2 class=\"ppb_title\" style=\"\">Pude\u0142ko na zdj\u0119cia<\/h2>\n<hr class=\"title_break left\" style=\"\"\/>\n<p>Pude\u0142ko wykonane z grubej 3mm tektury introligatorskiej, wyko\u0144czone welurem lub p\u0142\u00f3tnem (do wyboru) Wn\u0119trze wy\u015bcielone jest p\u0142\u00f3cienn\u0105 tkanin\u0105. Dodatkowo w \u015brodku znajduje si\u0119 satynowa wst\u0105\u017cka u\u0142atwiaj\u0105c\u0105 wyci\u0105ganie zdj\u0119\u0107. Wewn\u0119trzy, profilowany dekielek \u0142adnie domyka pude\u0142ko.<\/p>\n<p>Dost\u0119pne s\u0105 trzy rozmiary i trzy g\u0142\u0119boko\u015bci pude\u0142ka (do wyboru).<\/p>\n<p>\u00a0<\/p>\n<p>\u00a0<\/p>\n<p style=\"text-align: center;\"><a class=\"button\" href=\"https:\/\/malgorzatawojtyczka.pl\/index.php\/pudelko-personalizacja\/\">Personalizacja pude\u0142ka &#8211; wzornik<\/a><\/p>\n<\/div>\n<div class=\"one_half_bg\" style=\"background-image:url(https:\/\/malgorzatawojtyczka.pl\/wp-content\/uploads\/2023\/03\/DSC_4484-kadrowane.jpg);height:600px;\"><\/div>\n<p><br class=\"clear\"\/><\/div>\n<\/div>\n<div  class=\"one\" >\n<div class=\"page_content_wrapper nopadding\">\n<div class=\"one_half_bg\" style=\"background-image:url(https:\/\/malgorzatawojtyczka.pl\/wp-content\/uploads\/2023\/03\/DSC_4584b.jpg);height:600px;\"><\/div>\n<div class=\"one_half_bg\" style=\"padding:30px;\">\n<h2 class=\"ppb_title\" style=\"\">Wydruki zdj\u0119\u0107 \/ odbitki<\/h2>\n<hr class=\"title_break left\" style=\"\"\/>\n<p>Wydruki s\u0105 wykonywane na wysokiej jako\u015bci papierze Fuji DP II o powierzchni silk\/jedwab lub deep matt.<\/p>\n<p><strong>Odbitki jedwabiste<\/strong><\/p>\n<p>Fuji DP II jest papierem subtelnie b\u0142yszcz\u0105cym, o delikatnej fakturze minimalizuj\u0105cej palcowanie zdj\u0119\u0107. Bardziej odporny na zabrudzenia i zarysowania ni\u017c deep matt. Odcie\u0144 zdj\u0119\u0107 jest delikatnie cieplejszy ni\u017c w deep matt. Odbitki mog\u0105 by\u0107 z bia\u0142\u0105 ramk\u0105 lub bez.<\/p>\n<p><strong>Matowe odbitki art<\/strong><\/p>\n<p>Deep matt to matowe, g\u0142adkie wydruki i jednocze\u015bnie pi\u0119kne, naturalne, g\u0142\u0119bokie kolory. S\u0105 \u015bwietn\u0105 alternatyw\u0105 dla tradycyjnych odbitek, o wyko\u0144czeniu nadaj\u0105cym fotografiom artystycznego charakteru. Oprawione, b\u0119d\u0105 si\u0119 prezentowa\u0107 niezwykle elegancko. Mo\u017cliwo\u015b\u0107 wydruku wy\u0142\u0105cznie z bia\u0142\u0105 ramk\u0105<\/p>\n<\/div>\n<p><br class=\"clear\"\/><\/div>\n<\/div>\n<div  class=\"one\" >\n<div class=\"page_content_wrapper nopadding\">\n<div class=\"one_half_bg textright\" style=\"padding:30px;\">\n<div class=\"ppb_subtitle\" style=\"\">Voucher na wybran\u0105 sesj\u0119 + pude\u0142ko na wspomnienia<\/div>\n<h2 class=\"ppb_title\" style=\"\">Zestaw prezentowy<\/h2>\n<hr class=\"title_break left\" style=\"\"\/>\n<p>Pude\u0142ko o wymiarach: <strong>13 x 18 cm<\/strong> (zgodne z wymiarem zdj\u0119\u0107 drukowanych z sesji) &#8211; <strong>165 z\u0142 <\/strong>(ni\u017csza cena pude\u0142ka tylko w zestawie z sesj\u0105 zdj\u0119ciow\u0105)<br \/>\nG\u0142\u0119boko\u015b\u0107 do wyboru: 15 mm \u2013 mie\u015bci 50 sztuk zdj\u0119\u0107 \/ 28 mm \u2013 95 sztuk \/ 42 mm \u2013 135 sztuk<\/p>\n<h5>Zestawy &#8211; cennik:<\/h5>\n<p><strong>Voucher na <a href=\"https:\/\/malgorzatawojtyczka.pl\/index.php\/cennik-sesja-lifestyle\/\">sesj\u0119 lifestyle \/ portret<\/a> + pude\u0142ko z grawerem<\/strong><\/p>\n<p>Zestaw \u201ewrotycz\u201d (15 zdj\u0119\u0107 + pude\u0142ko) &#8211; 765 z\u0142<br \/>\nZestaw \u201emak polny\u201d (25 zdj\u0119\u0107 + pude\u0142ko) &#8211; 1015 z\u0142<br \/>\nZestaw \u201edzika r\u00f3\u017ca\u201d (50 zdj\u0119\u0107 + pude\u0142k0) &#8211; 1500 z\u0142<strong>*<\/strong><\/p>\n<p><strong>*<\/strong>Pude\u0142ko jest ju\u017c wliczone w cen\u0119 pakietu sesji lifestyle <strong>\u201edzika r\u00f3\u017ca\u201d<\/strong>. Mo\u017cesz zostawi\u0107 personalizacj\u0119 obdarowanej osobie lub wybra\u0107 pude\u0142ko samodzielnie (wtedy wysy\u0142am Ci je razem z voucherem, jak w przypadku pozosta\u0142ych pakiet\u00f3w)<\/p>\n<p><strong>Voucher na <a href=\"https:\/\/malgorzatawojtyczka.pl\/index.php\/cennik-sesja-wizerunkowa\/\">sesj\u0119 wizerunkow\u0105<\/a> \/ \u0142\u0105czon\u0105 + pude\u0142ko z grawerem<\/strong><\/p>\n<p>Zestaw 1 (10 zdj\u0119\u0107 + pude\u0142ko) \u2013 815 z\u0142<br \/>\nZestaw 2 (30 zdj\u0119\u0107 + pude\u0142ko) \u2013 1365 z\u0142<\/p>\n<p style=\"text-align: left;\"><a class=\"button\" href=\"https:\/\/malgorzatawojtyczka.pl\/index.php\/pudelko-personalizacja\/\">Personalizacja pude\u0142ka &#8211; wzornik<\/a><\/p>\n<\/div>\n<div class=\"one_half_bg\" style=\"background-image:url(https:\/\/malgorzatawojtyczka.pl\/wp-content\/uploads\/2023\/02\/DSC_3894_male.jpg);height:600px;\"><\/div>\n<p><br class=\"clear\"\/><\/div>\n<\/div>\n<div  class=\"one withsmallpadding ppb_text\" style=\"padding:30px 0 30px 0;\" >\n<div class=\"standard_wrapper\">\n<div class=\"page_content_wrapper\">\n<div class=\"inner\">\n<div style=\"margin:auto;width:100%\">\n<hr \/>\n<p>\u00a0<\/p>\n<\/div>\n<\/div>\n<\/div>\n<\/div>\n<\/div>\n<div class=\"standard_wrapper\">\n<div  class=\"one_half withsmallpadding ppb_text\" style=\"padding:30px 0 30px 0;\" >\n<div class=\"standard_wrapper\">\n<div class=\"page_content_wrapper\">\n<div class=\"inner\">\n<div style=\"margin:auto;width:100%\">\n<h3>Pude\u0142ko na zdj\u0119cia<\/h3>\n<p>(zamawiane osobno &#8211; poza zestawem <em>sesja + pude\u0142ko<\/em>)<\/p>\n<p><strong>Z grawerem (wyb\u00f3r gotowych wzor\u00f3w) &#8211; 185 z\u0142\u00a0<\/strong><\/p>\n<p><strong>Rozmiar:<\/strong> 10&#215;15 cm \/ 13&#215;18 cm \/ 15&#215;23 cm<\/p>\n<p><strong>G\u0142\u0119boko\u015b\u0107:<\/strong> 15 mm \u2013 mie\u015bci 50 sztuk* \/ 28 mm \u2013 95 sztuk \/ 42 mm \u2013 135 sztuk<\/p>\n<p>*ilo\u015b\u0107 zdj\u0119\u0107 deep matt, wydruk\u00f3w silk mie\u015bci si\u0119 troch\u0119 wi\u0119cej.<\/p>\n<p><strong>Z grawerem VIP <\/strong>\u00a0(wz\u00f3r na zam\u00f3wienie) + 50 z\u0142<\/p>\n<p>Wysy\u0142am trzy projekty z kt\u00f3rych wybierasz jeden.<\/p>\n<p style=\"text-align: left;\"><a class=\"button\" href=\"https:\/\/malgorzatawojtyczka.pl\/index.php\/pudelko-personalizacja\/\">Personalizacja pude\u0142ka &#8211; wzornik<\/a><\/p>\n<\/div>\n<\/div>\n<\/div>\n<\/div>\n<\/div>\n<\/div>\n<div class=\"standard_wrapper\">\n<div  class=\"one_half last withsmallpadding ppb_text\" style=\"padding:30px 0 30px 0;\" >\n<div class=\"standard_wrapper\">\n<div class=\"page_content_wrapper\">\n<div class=\"inner\">\n<div style=\"margin:auto;width:100%\">\n<h3>Czas oczekiwania na realizacj\u0119 zam\u00f3wienia<\/h3>\n<p>Wszystko co u mnie zamawiasz, jest tworzone specjalnie dla Ciebie. Wysoka jako\u015b\u0107 i r\u0119czne wykonanie nie id\u0105 w parze z masow\u0105, czyli szybk\u0105 produkcj\u0105. Zar\u00f3wno wykonanie projektu graweru*, jak i samego produktu wymaga czasu.<\/p>\n<p>O ile vouchery s\u0105 dost\u0119pne od r\u0119ki, to zestawy z pude\u0142kami s\u0105 realizowane do 8 dni roboczych od daty zaksi\u0119gowania przelewu.<\/p>\n<p>*Od op\u0142acenia zam\u00f3wienia, projekt graweru VIP wykonuj\u0119 do 3 dni roboczych (nie dotyczy gotowych grawer\u00f3w ze wzornika).<\/p>\n<p>W okresie przed\u015bwi\u0105tecznym czas realizacji mo\u017ce si\u0119 wyd\u0142u\u017cy\u0107!<\/p>\n<p><strong>Koszty wysy\u0142ki (paczkomat lub kurier) &#8211; 20 z\u0142<\/strong><\/p>\n<p><strong>Mo\u017cliwo\u015b\u0107 odbioru osobistego w Krakowie (Ma\u0142y P\u0142asz\u00f3w)<\/strong><\/p>\n<h3><\/h3>\n<p>\u00a0<\/p>\n<h3>Jak zamawia\u0107?<\/h3>\n<p><a href=\"https:\/\/malgorzatawojtyczka.pl\/index.php\/kontakt\/\">Napisz do mnie<\/a> w mailu jaki produkt \/ zestaw Ci\u0119 interesuje. Ustalimy szczeg\u00f3\u0142y zam\u00f3wienia i wysy\u0142k\u0119.<\/p>\n<\/div>\n<\/div>\n<\/div>\n<\/div>\n<\/div>\n<\/div>\n<div  class=\"one withsmallpadding ppb_text\" style=\"padding:30px 0 30px 0;\" >\n<div class=\"standard_wrapper\">\n<div class=\"page_content_wrapper\">\n<div class=\"inner\">\n<div style=\"margin:auto;width:100%\">\n<hr \/>\n<p>\u00a0<\/p>\n<\/div>\n<\/div>\n<\/div>\n<\/div>\n<\/div>\n<div class=\"divider one\">&nbsp;<\/div>\n<div class=\"standard_wrapper\">\n<div  class=\"one\" style=\"padding:30px 0 30px 0;\" >\n<div class=\"page_content_wrapper\">\n<div class=\"inner\">\n<div class=\"one_third\">\n<div class=\"image_classic_frame expand\">\n<div class=\"image_wrapper\"><img decoding=\"async\" src=\"https:\/\/malgorzatawojtyczka.pl\/wp-content\/uploads\/2023\/11\/DSC_9785_male.jpg\" alt=\"Pude\u0142ko na zdj\u0119cia z grawerem personalizowane\" class=\"preview\"\/><\/div>\n<\/div>\n<\/div>\n<div class=\"one_third\">\n<div class=\"image_classic_frame expand\">\n<div class=\"image_wrapper\"><img decoding=\"async\" src=\"https:\/\/malgorzatawojtyczka.pl\/wp-content\/uploads\/2023\/11\/DSC_9798_male.jpg\" alt=\"Pude\u0142ko na zdj\u0119cia welurowe z grawerem\" class=\"preview\"\/><\/div>\n<\/div>\n<\/div>\n<div class=\"one_third last\">\n<div class=\"image_classic_frame expand\">\n<div class=\"image_wrapper\"><img decoding=\"async\" src=\"https:\/\/malgorzatawojtyczka.pl\/wp-content\/uploads\/2023\/11\/DSC_9801_male.jpg\" alt=\"Pude\u0142ko na zdj\u0119cia na zam\u00f3wienie\" class=\"preview\"\/><\/div>\n<\/div>\n<\/div>\n<\/div>\n<\/div>\n<\/div>\n<\/div>\n","protected":false},"excerpt":{"rendered":"","protected":false},"author":1,"featured_media":0,"parent":0,"menu_order":0,"comment_status":"closed","ping_status":"closed","template":"","meta":{"_monsterinsights_skip_tracking":false,"_monsterinsights_sitenote_active":false,"_monsterinsights_sitenote_note":"","_monsterinsights_sitenote_category":0,"footnotes":""},"aioseo_notices":[],"_links":{"self":[{"href":"https:\/\/malgorzatawojtyczka.pl\/index.php\/wp-json\/wp\/v2\/pages\/7275"}],"collection":[{"href":"https:\/\/malgorzatawojtyczka.pl\/index.php\/wp-json\/wp\/v2\/pages"}],"about":[{"href":"https:\/\/malgorzatawojtyczka.pl\/index.php\/wp-json\/wp\/v2\/types\/page"}],"author":[{"embeddable":true,"href":"https:\/\/malgorzatawojtyczka.pl\/index.php\/wp-json\/wp\/v2\/users\/1"}],"replies":[{"embeddable":true,"href":"https:\/\/malgorzatawojtyczka.pl\/index.php\/wp-json\/wp\/v2\/comments?post=7275"}],"version-history":[{"count":20,"href":"https:\/\/malgorzatawojtyczka.pl\/index.php\/wp-json\/wp\/v2\/pages\/7275\/revisions"}],"predecessor-version":[{"id":7681,"href":"https:\/\/malgorzatawojtyczka.pl\/index.php\/wp-json\/wp\/v2\/pages\/7275\/revisions\/7681"}],"wp:attachment":[{"href":"https:\/\/malgorzatawojtyczka.pl\/index.php\/wp-json\/wp\/v2\/media?parent=7275"}],"curies":[{"name":"wp","href":"https:\/\/api.w.org\/{rel}","templated":true}]}}